{"id":86,"date":"2020-03-23T11:30:41","date_gmt":"2020-03-23T11:30:41","guid":{"rendered":"https:\/\/demosites.io\/rokophoto-gb\/?page_id=86"},"modified":"2026-03-09T10:11:34","modified_gmt":"2026-03-09T08:11:34","slug":"98ee9-home","status":"publish","type":"page","link":"https:\/\/seligedrobbe.de\/","title":{"rendered":"Home"},"content":{"rendered":"\n<figure class=\"wp-block-image alignfull\"><img width=\"1024\" height=\"586\" src=\"https:\/\/seligedrobbe.de\/wp-content\/uploads\/2020\/07\/schieferlogo-1024x586.png\" alt=\"\" class=\"wp-image-208\" srcset=\"https:\/\/seligedrobbe.de\/wp-content\/uploads\/2020\/07\/schieferlogo-1024x586.png 1024w, https:\/\/seligedrobbe.de\/wp-content\/uploads\/2020\/07\/schieferlogo-600x344.png 600w, https:\/\/seligedrobbe.de\/wp-content\/uploads\/2020\/07\/schieferlogo-300x172.png 300w, https:\/\/seligedrobbe.de\/wp-content\/uploads\/2020\/07\/schieferlogo-768x440.png 768w, https:\/\/seligedrobbe.de\/wp-content\/uploads\/2020\/07\/schieferlogo-1536x879.png 1536w, https:\/\/seligedrobbe.de\/wp-content\/uploads\/2020\/07\/schieferlogo.png 1600w\" sizes=\"(max-width: 1024px) 100vw, 1024px\" \/><\/figure>\n\n\n\n<div class=\"wp-block-media-text alignwide is-stacked-on-mobile is-vertically-aligned-center\"><figure class=\"wp-block-media-text__media\"><video controls src=\"https:\/\/seligedrobbe.de\/wp-content\/uploads\/2026\/03\/7e073552-7b5e-4e70-a7e5-967fdb1f634f.mp4\"><\/video><\/figure><div class=\"wp-block-media-text__content\">\n<h1>&#x1f973;&#x1f347; Save the date | Nacht des Seligmachers 2026 &#x1f347;&#x1f377;<br>Wir sehen uns zum Weinbummel durch Lorchhausen am 29. und 30. AUGUST &#x1f970;&#x270c;&#xfe0f;<\/h1>\n<\/div><\/div>\n\n\n\n<div class=\"wp-container-1 wp-block-group alignfull\"><div class=\"wp-block-group__inner-container\">\n<div id=\"wp-block-themeisle-blocks-advanced-columns-9b97587b\" class=\"wp-block-themeisle-blocks-advanced-columns has-1-columns has-desktop-equal-layout has-tablet-equal-layout has-mobile-equal-layout has-vertical-unset has-default-gap\"><div class=\"wp-block-themeisle-blocks-advanced-columns-overlay\"><\/div><div class=\"innerblocks-wrap\">\n<div id=\"wp-block-themeisle-blocks-advanced-column-b53d3be7\" class=\"wp-block-themeisle-blocks-advanced-column\"><\/div>\n<\/div><\/div>\n<\/div><\/div>\n\n\n\n<div id=\"wp-block-themeisle-blocks-advanced-columns-c8ed1d6e\" class=\"wp-block-themeisle-blocks-advanced-columns has-1-columns has-desktop-equal-layout has-tablet-equal-layout has-mobile-equal-layout has-vertical-unset\"><div class=\"wp-block-themeisle-blocks-advanced-columns-overlay\"><\/div><div class=\"innerblocks-wrap\">\n<div id=\"wp-block-themeisle-blocks-advanced-column-8dd228ad\" class=\"wp-block-themeisle-blocks-advanced-column\">\n<p class=\"has-text-align-center\">Wir haben\u00b4s ja gesagt &#8211; es wird anders, aber wir werden zusammen Lorchh\u00e4user Gem\u00fctlichkeit leben!<\/p>\n\n\n\n<p class=\"has-text-align-center\">Macht Euch bereit und freut Euch auf einen gem\u00fctlichen Bummel durch unser Seligmacher-Dorf am 29. &amp; 30. August.<\/p>\n\n\n\n<p class=\"has-text-align-center\">An allen Stationen warten Frohsinn, Lebensfreude und nat\u00fcrlich k\u00fchle Seligmacher auf Euch.<\/p>\n\n\n\n<p class=\"has-text-align-center\">&#8230;wir sind jetzt schon au\u00dfer Rand und Band! <\/p>\n\n\n\n<p class=\"has-text-align-center\">Eure Selige Drobbe<br><\/p>\n<\/div>\n<\/div><\/div>\n\n\n\n<div class=\"wp-block-media-text alignwide is-stacked-on-mobile\"><figure class=\"wp-block-media-text__media\"><img width=\"809\" height=\"1024\" src=\"https:\/\/seligedrobbe.de\/wp-content\/uploads\/2026\/03\/IMG_9906.png\" alt=\"\" class=\"wp-image-550 size-full\" srcset=\"https:\/\/seligedrobbe.de\/wp-content\/uploads\/2026\/03\/IMG_9906.png 809w, https:\/\/seligedrobbe.de\/wp-content\/uploads\/2026\/03\/IMG_9906-237x300.png 237w, https:\/\/seligedrobbe.de\/wp-content\/uploads\/2026\/03\/IMG_9906-768x972.png 768w\" sizes=\"(max-width: 809px) 100vw, 809px\" \/><\/figure><div class=\"wp-block-media-text__content\">\n<p class=\"has-medium-font-size\">Trinke ein Glas Lorchh\u00e4user Wein, er wird auch Dein Sorgenbrecher sein.<\/p>\n\n\n\n<p class=\"has-medium-font-size\">Unsere Hymne, die wir so lieben, wird morgen und \u00fcbermorgen zum Lebensgef\u00fchl.<\/p>\n\n\n\n<p class=\"has-medium-font-size\">Gut gelaunt mit Family und Freunden zusammensitzen, durch&#8217;s Ort flanieren und den lieben Gott einen guten Mann sein lassen.<\/p>\n\n\n\n<p class=\"has-medium-font-size\">Seele baumeln lassen und genie\u00dfen. Wir haben so richtig Lust auf Euch <\/p>\n\n\n\n<p class=\"has-medium-font-size\">Keine Bange, leider haben wir die Party auf dem Wasem abblasen m\u00fcssen, aber unsere Winzer haben nicht nur eine L\u00f6sung f\u00fcr Euren Durst, sondern sind auch f\u00fcr Euren Hunger gewappnet.<\/p>\n<\/div><\/div>\n\n\n\n<div id=\"wp-block-themeisle-blocks-advanced-columns-4481b21b\" class=\"wp-block-themeisle-blocks-advanced-columns has-1-columns has-desktop-equal-layout has-tablet-equal-layout has-mobile-equal-layout has-vertical-unset\"><div class=\"wp-block-themeisle-blocks-advanced-columns-overlay\"><\/div><div class=\"innerblocks-wrap\">\n<div id=\"wp-block-themeisle-blocks-advanced-column-ed2fad99\" class=\"wp-block-themeisle-blocks-advanced-column\">\n<div class=\"wp-block-media-text alignwide has-media-on-the-right is-stacked-on-mobile\" style=\"grid-template-columns:auto 24%\"><figure class=\"wp-block-media-text__media\"><img width=\"576\" height=\"1024\" src=\"https:\/\/seligedrobbe.de\/wp-content\/uploads\/2025\/09\/PHOTO-2025-09-05-10-27-26-576x1024.jpg\" alt=\"\" class=\"wp-image-533 size-full\" srcset=\"https:\/\/seligedrobbe.de\/wp-content\/uploads\/2025\/09\/PHOTO-2025-09-05-10-27-26-576x1024.jpg 576w, https:\/\/seligedrobbe.de\/wp-content\/uploads\/2025\/09\/PHOTO-2025-09-05-10-27-26-169x300.jpg 169w, https:\/\/seligedrobbe.de\/wp-content\/uploads\/2025\/09\/PHOTO-2025-09-05-10-27-26-768x1365.jpg 768w, https:\/\/seligedrobbe.de\/wp-content\/uploads\/2025\/09\/PHOTO-2025-09-05-10-27-26-864x1536.jpg 864w, https:\/\/seligedrobbe.de\/wp-content\/uploads\/2025\/09\/PHOTO-2025-09-05-10-27-26.jpg 900w\" sizes=\"(max-width: 576px) 100vw, 576px\" \/><\/figure><div class=\"wp-block-media-text__content\">\n<p class=\"has-medium-font-size\">Simone hat irgendwann in den 90ern ihr Herz an Lorchhausen verloren. Und wir freuen uns sehr, dass sie uns mit ihren Spezialit\u00e4ten und ihrer liebenswerten Pers\u00f6nlichkeit bereichert.<br>An der Lorchh\u00e4user Kirche findet man nicht nur ihren Roten Riesling sondern auch Fros\u00e9 (eisgek\u00fchlten Ros\u00e9-Slush) &#8211; der absolut perfekte Sundowner. Dazu einen Winzer-Snack und das Herz freut sich.<\/p>\n<\/div><\/div>\n\n\n\n<div class=\"wp-block-media-text alignwide is-stacked-on-mobile\" style=\"grid-template-columns:24% auto\"><figure class=\"wp-block-media-text__media\"><a href=\"https:\/\/www.koenigswein.de\/\"><img width=\"932\" height=\"932\" src=\"https:\/\/seligedrobbe.de\/wp-content\/uploads\/2025\/09\/PHOTO-2025-09-05-10-27-38.jpg\" alt=\"\" class=\"wp-image-534 size-full\" srcset=\"https:\/\/seligedrobbe.de\/wp-content\/uploads\/2025\/09\/PHOTO-2025-09-05-10-27-38.jpg 932w, https:\/\/seligedrobbe.de\/wp-content\/uploads\/2025\/09\/PHOTO-2025-09-05-10-27-38-300x300.jpg 300w, https:\/\/seligedrobbe.de\/wp-content\/uploads\/2025\/09\/PHOTO-2025-09-05-10-27-38-150x150.jpg 150w, https:\/\/seligedrobbe.de\/wp-content\/uploads\/2025\/09\/PHOTO-2025-09-05-10-27-38-768x768.jpg 768w, https:\/\/seligedrobbe.de\/wp-content\/uploads\/2025\/09\/PHOTO-2025-09-05-10-27-38-500x500.jpg 500w, https:\/\/seligedrobbe.de\/wp-content\/uploads\/2025\/09\/PHOTO-2025-09-05-10-27-38-800x800.jpg 800w, https:\/\/seligedrobbe.de\/wp-content\/uploads\/2025\/09\/PHOTO-2025-09-05-10-27-38-240x240.jpg 240w\" sizes=\"(max-width: 932px) 100vw, 932px\" \/><\/a><\/figure><div class=\"wp-block-media-text__content\">\n<p class=\"has-medium-font-size\">Im sch\u00f6nen Rebenhang \u00f6ffnen Kull und Andy ihre T\u00fcren, um Euch mit s\u00e4urearmen und damit magenmilden Weinen zu begr\u00fc\u00dfen. Es ist kein Geheimnis, dass Kull eine totale Magie bei seinen Weinen entfaltet &#8211; vor allem der Sp\u00e4tburgunder tanzt Samba mit Eurem Gaumen! Wer sich st\u00e4rken m\u00f6chte, f\u00fcr den wird u.a. mit Steaks &amp; Bratwurst aufgegrillt.<\/p>\n<\/div><\/div>\n\n\n\n<div class=\"wp-block-media-text alignwide has-media-on-the-right is-stacked-on-mobile\" style=\"grid-template-columns:auto 24%\"><figure class=\"wp-block-media-text__media\"><img width=\"819\" height=\"1024\" src=\"https:\/\/seligedrobbe.de\/wp-content\/uploads\/2025\/09\/PHOTO-2025-09-05-10-28-18-819x1024.jpg\" alt=\"\" class=\"wp-image-535 size-full\" srcset=\"https:\/\/seligedrobbe.de\/wp-content\/uploads\/2025\/09\/PHOTO-2025-09-05-10-28-18-819x1024.jpg 819w, https:\/\/seligedrobbe.de\/wp-content\/uploads\/2025\/09\/PHOTO-2025-09-05-10-28-18-240x300.jpg 240w, https:\/\/seligedrobbe.de\/wp-content\/uploads\/2025\/09\/PHOTO-2025-09-05-10-28-18-768x960.jpg 768w, https:\/\/seligedrobbe.de\/wp-content\/uploads\/2025\/09\/PHOTO-2025-09-05-10-28-18-1229x1536.jpg 1229w, https:\/\/seligedrobbe.de\/wp-content\/uploads\/2025\/09\/PHOTO-2025-09-05-10-28-18.jpg 1444w\" sizes=\"(max-width: 819px) 100vw, 819px\" \/><\/figure><div class=\"wp-block-media-text__content\">\n<p class=\"has-medium-font-size\">Wild wird\u00b4s bei unserem Matthias. Zwischen Reben &amp; Wald findet Ihr im Talweg einen astreinen Ort der Gem\u00fctlichkeit, der Lebensfreude und der heimischen Weintradition. Mitten in der Kelterhalle genie\u00dft Ihr Matthias\u00b4 wunderbare Weinauswahl und knabbert an herzhaften Wildbratw\u00fcrsten aus eigener Herstellung. Denn Matthias hat Freunde, die sich in ihre Wild-Manufaktur gestellt haben und Euch ihre Schmankerl am Grill servieren.<\/p>\n<\/div><\/div>\n<\/div>\n<\/div><\/div>\n\n\n\n<div id=\"wp-block-themeisle-blocks-advanced-columns-036db45e\" class=\"wp-block-themeisle-blocks-advanced-columns has-1-columns has-desktop-equal-layout has-tablet-equal-layout has-mobile-equal-layout has-vertical-unset\"><div class=\"wp-block-themeisle-blocks-advanced-columns-overlay\"><\/div><div class=\"innerblocks-wrap\">\n<div id=\"wp-block-themeisle-blocks-advanced-column-55768a0d\" class=\"wp-block-themeisle-blocks-advanced-column\">\n<h2 id=\"wp-block-themeisle-blocks-advanced-heading-3fe17b9b\" class=\"wp-block-themeisle-blocks-advanced-heading wp-block-themeisle-blocks-advanced-heading-3fe17b9b\">Die K\u00f6pfe hinter der Nacht des Seligmachers<\/h2>\n\n\n\n<p id=\"wp-block-themeisle-blocks-advanced-heading-14023f83\" class=\"wp-block-themeisle-blocks-advanced-heading wp-block-themeisle-blocks-advanced-heading-14023f83\"><br><\/p>\n\n\n\n<div class=\"wp-block-media-text alignwide is-stacked-on-mobile\" style=\"grid-template-columns:24% auto\"><figure class=\"wp-block-media-text__media\"><a href=\"https:\/\/freundefeuerwehrlh.wixsite.com\/website?fbclid=IwAR1LmtHinOFeKjB52DAXiPSBLqsJLsWclv3m0RJjjcHK0HlOCtEyff9YEbg\"><img width=\"687\" height=\"608\" src=\"http:\/\/drobbe.seligedrobbe.de\/wp-content\/uploads\/2020\/07\/fflrund.png\" alt=\"\" class=\"wp-image-158 size-full\" srcset=\"https:\/\/seligedrobbe.de\/wp-content\/uploads\/2020\/07\/fflrund.png 687w, https:\/\/seligedrobbe.de\/wp-content\/uploads\/2020\/07\/fflrund-600x531.png 600w, https:\/\/seligedrobbe.de\/wp-content\/uploads\/2020\/07\/fflrund-300x266.png 300w\" sizes=\"(max-width: 687px) 100vw, 687px\" \/><\/a><\/figure><div class=\"wp-block-media-text__content\">\n<h5 id=\"wp-block-themeisle-blocks-advanced-heading-9028c333\" class=\"wp-block-themeisle-blocks-advanced-heading wp-block-themeisle-blocks-advanced-heading-9028c333\"><strong><strong>Die Freunde der Feuerwehr Lorchhausen<\/strong><\/strong><\/h5>\n\n\n\n<p>Ideengeber, Motor &amp; kreativer Kopf hinter der Nacht des Seligmachers.<br>Das sind die Freunde der Feuerwehr Lorchhausen.<br>Weil Lorchhausen Heimat &amp; ein Ort f\u00fcr Freunde ist.<\/p>\n<\/div><\/div>\n\n\n\n<div class=\"wp-block-media-text alignwide has-media-on-the-right is-stacked-on-mobile\" style=\"grid-template-columns:auto 24%\"><figure class=\"wp-block-media-text__media\"><img width=\"445\" height=\"423\" src=\"http:\/\/drobbe.seligedrobbe.de\/wp-content\/uploads\/2020\/07\/klotzrund.png\" alt=\"\" class=\"wp-image-159 size-full\" srcset=\"https:\/\/seligedrobbe.de\/wp-content\/uploads\/2020\/07\/klotzrund.png 445w, https:\/\/seligedrobbe.de\/wp-content\/uploads\/2020\/07\/klotzrund-300x285.png 300w\" sizes=\"(max-width: 445px) 100vw, 445px\" \/><\/figure><div class=\"wp-block-media-text__content\">\n<h5 id=\"wp-block-themeisle-blocks-advanced-heading-39b382d1\" class=\"wp-block-themeisle-blocks-advanced-heading wp-block-themeisle-blocks-advanced-heading-39b382d1\"><strong>Weingut Matthias Klotz<\/strong><\/h5>\n\n\n\n<p>Im Weingut Matthias Klotz wird die Verbindung des Modernen mit alten Traditionen gro\u00df geschrieben.<br>Matthias baut ausschlie\u00dflich in Seligmacher-Lagen an und legt gro\u00dfen Wert darauf, seine Fl\u00e4chen den klimatischen Bedingungen anzupassen.<\/p>\n<\/div><\/div>\n\n\n\n<div class=\"wp-block-media-text alignwide is-stacked-on-mobile\" style=\"grid-template-columns:24% auto\"><figure class=\"wp-block-media-text__media\"><a href=\"https:\/\/www.koenigswein.de\/\"><img width=\"338\" height=\"332\" src=\"http:\/\/drobbe.seligedrobbe.de\/wp-content\/uploads\/2020\/07\/koenigrund.png\" alt=\"\" class=\"wp-image-160 size-full\" srcset=\"https:\/\/seligedrobbe.de\/wp-content\/uploads\/2020\/07\/koenigrund.png 338w, https:\/\/seligedrobbe.de\/wp-content\/uploads\/2020\/07\/koenigrund-300x295.png 300w\" sizes=\"(max-width: 338px) 100vw, 338px\" \/><\/a><\/figure><div class=\"wp-block-media-text__content\">\n<h5 id=\"wp-block-themeisle-blocks-advanced-heading-0fd58151\" class=\"wp-block-themeisle-blocks-advanced-heading wp-block-themeisle-blocks-advanced-heading-0fd58151\"><strong>Weingut K\u00f6nig<\/strong><\/h5>\n\n\n\n<p>Immer gemeinsam zum Ziel ist das Motto von Klaus und Ursula K\u00f6nig.<br>Frische Weissweine und vielschichtige Rotweine sind ihre Passion.<\/p>\n<\/div><\/div>\n\n\n\n<div class=\"wp-block-media-text alignwide has-media-on-the-right is-stacked-on-mobile\" style=\"grid-template-columns:auto 24%\"><figure class=\"wp-block-media-text__media\"><img width=\"536\" height=\"454\" src=\"http:\/\/drobbe.seligedrobbe.de\/wp-content\/uploads\/2020\/07\/weilerrund.png\" alt=\"\" class=\"wp-image-164 size-full\" srcset=\"https:\/\/seligedrobbe.de\/wp-content\/uploads\/2020\/07\/weilerrund.png 536w, https:\/\/seligedrobbe.de\/wp-content\/uploads\/2020\/07\/weilerrund-300x254.png 300w\" sizes=\"(max-width: 536px) 100vw, 536px\" \/><\/figure><div class=\"wp-block-media-text__content\">\n<h5 id=\"wp-block-themeisle-blocks-advanced-heading-406f2dd3\" class=\"wp-block-themeisle-blocks-advanced-heading wp-block-themeisle-blocks-advanced-heading-406f2dd3\"><strong>Weingut Karl-Heinz Weiler<\/strong><\/h5>\n\n\n\n<p>Der Familienbetrieb von Karl-Heinz Weiler bewirtschaftet ausschlie\u00dflich Weinberge in Steillagen an der Rheinfront auf Schieferboden.<\/p>\n\n\n\n<p>So entstehen filigrane Wei\u00dfweine + vollmundige Sp\u00e4tburgunder.<\/p>\n<\/div><\/div>\n\n\n\n<div class=\"wp-block-media-text alignwide is-stacked-on-mobile\" style=\"grid-template-columns:24% auto\"><figure class=\"wp-block-media-text__media\"><a href=\"https:\/\/weinpause.de\"><img width=\"434\" height=\"416\" src=\"http:\/\/drobbe.seligedrobbe.de\/wp-content\/uploads\/2020\/07\/kuehnrund.png\" alt=\"\" class=\"wp-image-161 size-full\" srcset=\"https:\/\/seligedrobbe.de\/wp-content\/uploads\/2020\/07\/kuehnrund.png 434w, https:\/\/seligedrobbe.de\/wp-content\/uploads\/2020\/07\/kuehnrund-300x288.png 300w\" sizes=\"(max-width: 434px) 100vw, 434px\" \/><\/a><\/figure><div class=\"wp-block-media-text__content\">\n<h5 id=\"wp-block-themeisle-blocks-advanced-heading-fc758ecf\" class=\"wp-block-themeisle-blocks-advanced-heading wp-block-themeisle-blocks-advanced-heading-fc758ecf\"><strong>Weingut Weinpause<\/strong><\/h5>\n\n\n\n<p>Simone K\u00fchn ist die Macherin hinter dem Weingut Weinpause.<\/p>\n\n\n\n<p>Mit gro\u00dfer Leidenschaft bewirtschaftet sie seit 2013 0,6 Hektar in Lorchhausen und baut auf Roten Riesling &amp; Silvaner.<\/p>\n<\/div><\/div>\n<\/div>\n<\/div><\/div>\n\n\n\n<div id=\"wp-block-themeisle-blocks-advanced-columns-9e553caf\" class=\"wp-block-themeisle-blocks-advanced-columns alignfull has-1-columns has-desktop-equal-layout has-tablet-equal-layout has-mobile-equal-layout has-vertical-unset\"><div class=\"wp-block-themeisle-blocks-advanced-columns-overlay\"><\/div><div class=\"innerblocks-wrap\">\n<div id=\"wp-block-themeisle-blocks-advanced-column-9473e182\" class=\"wp-block-themeisle-blocks-advanced-column\">\n<h2 id=\"wp-block-themeisle-blocks-advanced-heading-8bca79d9\" class=\"wp-block-themeisle-blocks-advanced-heading wp-block-themeisle-blocks-advanced-heading-8bca79d9\">Kontaktformular &amp; Newsletteranmeldung<\/h2>\n\n\n\n<figure class=\"wp-block-pullquote\"><blockquote><div class=\"wpforms-container wpforms-container-full\" id=\"wpforms-246\"><form id=\"wpforms-form-246\" class=\"wpforms-validate wpforms-form\" data-formid=\"246\" method=\"post\" enctype=\"multipart\/form-data\" action=\"\/index.php?rest_route=%2Fwp%2Fv2%2Fpages%2F86\" data-token=\"00f15c0c27d2597f6a41fd68b1cd71e7\"><noscript class=\"wpforms-error-noscript\">Bitte aktiviere JavaScript in deinem Browser, um dieses Formular fertigzustellen.<\/noscript><div class=\"wpforms-field-container\"><div id=\"wpforms-246-field_0-container\" class=\"wpforms-field wpforms-field-name\" data-field-id=\"0\"><label class=\"wpforms-field-label\" for=\"wpforms-246-field_0\">Name <span class=\"wpforms-required-label\">*<\/span><\/label><div class=\"wpforms-field-row wpforms-field-medium\"><div class=\"wpforms-field-row-block wpforms-first wpforms-one-half\"><input type=\"text\" id=\"wpforms-246-field_0\" class=\"wpforms-field-name-first wpforms-field-required\" name=\"wpforms[fields][0][first]\" required><label for=\"wpforms-246-field_0\" class=\"wpforms-field-sublabel after \">Vorname<\/label><\/div><div class=\"wpforms-field-row-block wpforms-one-half\"><input type=\"text\" id=\"wpforms-246-field_0-last\" class=\"wpforms-field-name-last wpforms-field-required\" name=\"wpforms[fields][0][last]\" required><label for=\"wpforms-246-field_0-last\" class=\"wpforms-field-sublabel after \">Nachname<\/label><\/div><\/div><\/div><div id=\"wpforms-246-field_1-container\" class=\"wpforms-field wpforms-field-email\" data-field-id=\"1\"><label class=\"wpforms-field-label\" for=\"wpforms-246-field_1\">E-Mail <span class=\"wpforms-required-label\">*<\/span><\/label><input type=\"email\" id=\"wpforms-246-field_1\" class=\"wpforms-field-medium wpforms-field-required\" name=\"wpforms[fields][1]\" required><\/div><div id=\"wpforms-246-field_2-container\" class=\"wpforms-field wpforms-field-textarea\" data-field-id=\"2\"><label class=\"wpforms-field-label\" for=\"wpforms-246-field_2\">Deine Nachricht an uns<\/label><textarea id=\"wpforms-246-field_2\" class=\"wpforms-field-medium\" name=\"wpforms[fields][2]\" ><\/textarea><\/div><div id=\"wpforms-246-field_3-container\" class=\"wpforms-field wpforms-field-checkbox\" data-field-id=\"3\"><label class=\"wpforms-field-label\" for=\"wpforms-246-field_3\">Newsletter<\/label><ul id=\"wpforms-246-field_3\"><li class=\"choice-1 depth-1 wpforms-selected\"><input type=\"checkbox\" id=\"wpforms-246-field_3_1\" name=\"wpforms[fields][3][]\" value=\"Ich m\u00f6chte mich zum Newsletter anmelden\"   checked='checked'><label class=\"wpforms-field-label-inline\" for=\"wpforms-246-field_3_1\">Ich m\u00f6chte mich zum Newsletter anmelden<\/label><\/li><\/ul><\/div><\/div><div class=\"wpforms-field wpforms-field-hp\"><label for=\"wpforms-246-field-hp\" class=\"wpforms-field-label\">Website<\/label><input type=\"text\" name=\"wpforms[hp]\" id=\"wpforms-246-field-hp\" class=\"wpforms-field-medium\"><\/div><div class=\"wpforms-submit-container\"><input type=\"hidden\" name=\"wpforms[id]\" value=\"246\"><input type=\"hidden\" name=\"wpforms[author]\" value=\"1\"><button type=\"submit\" name=\"wpforms[submit]\" id=\"wpforms-submit-246\" class=\"wpforms-submit\" data-alt-text=\"Senden...\" data-submit-text=\"Absenden\" aria-live=\"assertive\" value=\"wpforms-submit\">Absenden<\/button><\/div><\/form><\/div>  <!-- .wpforms-container --><\/blockquote><\/figure>\n\n\n\n<p><\/p>\n<\/div>\n<\/div><\/div>\n\n\n        <style type=\"text\/css\">\n                <\/style><div class=\"instagram-social-btn-top\"><a href=\"https:\/\/instagram.com\/freundefeuerwehrlh\/\" target=\"_blank\" rel=\"noreferrer\">Follow on Instagram<\/a><\/div>                <div  data-ftsi-columns=\"3\" data-ftsi-columns-tablet=\"2\" data-ftsi-columns-mobile=\"1\" data-ftsi-force-columns=\"\" data-ftsi-margin=\"1px\" data-ftsi-width=\"\" class=\"fts-instagram-inline-block-centered feed_dynamic_classsrvltsfspm_business\">                <div class=\"slicker-instagram-placeholder fts-instagram-wrapper\" style=\"background-image:url('https:\/\/scontent-ber1-1.cdninstagram.com\/v\/t51.29350-15\/453130450_1012047230244261_6831939938122871594_n.webp?stp=dst-jpg&#038;_nc_cat=100&#038;ccb=1-7&#038;_nc_sid=18de74&#038;_nc_ohc=8n54cBWTRIEQ7kNvgHzYdtK&#038;_nc_ht=scontent-ber1-1.cdninstagram.com&#038;edm=AEQ6tj4EAAAA&#038;oh=00_AYBsBdwHtfabv-4fRobNoYIa2jQRkDjCKsr3xxqeTk-4Nw&#038;oe=66B29FE0')\">\n                                            <a href='https:\/\/www.instagram.com\/p\/C-AAEWMOkgx\/' title='\ud83e\udd42 Unsere Simone hat einen gro\u00dfen Teil ihres Herzens an Lorchhausen verloren. \ud83d\udc97 \nSie mag das Besondere und besondere Herausforderungen. Sie bewirtschaftet nicht nur eine der steilsten Lagen bei uns, bei ihr gibt es im Seligmacher-Repertoire auch ausschlie\u00dflich Roten Riesling, der die Urform des wei\u00dfen Riesling ist und mit einer komplexen Sensorik Euren Gaumen umgarnt. \n\nAn der Nacht des Seligmachers ist Simone an einem bemerkenswerten Ort zu finden, n\u00e4mlich an unserer St. Bonifatius Kirche. \nUnd pssst, sp\u00e4testens wenn Ihr in Simone&#039;s knallpinken Chillax-Sesseln thront und einen k\u00f6stlichen Fros\u00e9 (frozen Ros\u00e9) trinkt, werdet Ihr verstehen,  weshalb wir sie so sehr in unser Herz geschlossen haben. \ud83d\ude0d\ud83c\udf7e\n\n#seligmacher #nachtdesseligmachers #Lorchhausen #mittelrhein #steillagen #rieslingrootsrundeep' target=\"_blank\" rel=\"noreferrer\" class='fts-instagram-link-target fts-slicker-backg\n                                                                             fts-instagram-img-link' style=\"height:65px !important; width:65px; line-height:65px; font-size:65px;\"><span\n                                class=\"fts-instagram-icon\"\n                                style=\"height:65px; width:65px; line-height:65px; font-size:65px;\"><\/span><\/a>\n                        \n                        <div class='slicker-date'>\n\n                            <div class=\"fts-insta-date-popup-grab\">\n                            2 Jahre vor                            <\/div>\n                        <\/div>\n                    <div class='slicker-instaG-backg-link'>\n\n                        <div class='slicker-instaG-photoshadow'><\/div>\n                    <\/div>\n                        <div class=\"fts-insta-likes-comments-grab-popup\">\n\n                            <div class=\"fts-share-wrap\"><a href=\"javascript:;\" class=\"ft-gallery-link-popup\" title=\"Social-Share-Optionen\"><\/a><div class=\"ft-gallery-share-wrap\"><a href=\"https:\/\/www.facebook.com\/sharer\/sharer.php?u=https:\/\/www.instagram.com\/p\/C-AAEWMOkgx\/\" target=\"_blank\" rel=\"noreferrer\" class=\"ft-galleryfacebook-icon\" title=\"Share this post on Facebook\"><i class=\"fa fa-facebook-square\"><\/i><\/a><a href=\"https:\/\/twitter.com\/intent\/tweet?text=https:\/\/www.instagram.com\/p\/C-AAEWMOkgx\/+\ud83e\udd42 Unsere Simone hat einen gro\u00dfen Teil ihres Herzens an Lorchhausen verloren. \ud83d\udc97 \nSie mag das Besondere und besondere Herausforderungen. Sie bewirtschaftet nicht nur eine der steilsten Lagen bei uns, bei ihr gibt es im Seligmacher-Repertoire auch ausschlie\u00dflich Roten Riesling, der die Urform des wei\u00dfen Riesling ist und mit einer komplexen Sensorik Euren Gaumen umgarnt. \n\nAn der Nacht des Seligmachers ist Simone an einem bemerkenswerten Ort zu finden, n\u00e4mlich an unserer St. Bonifatius Kirche. \nUnd pssst, sp\u00e4testens wenn Ihr in Simone&#039;s knallpinken Chillax-Sesseln thront und einen k\u00f6stlichen Fros\u00e9 (frozen Ros\u00e9) trinkt, werdet Ihr verstehen,  weshalb wir sie so sehr in unser Herz geschlossen haben. \ud83d\ude0d\ud83c\udf7e\n\n#seligmacher #nachtdesseligmachers #Lorchhausen #mittelrhein #steillagen #rieslingrootsrundeep\" target=\"_blank\" rel=\"noreferrer\" class=\"ft-gallerytwitter-icon\" title=\"Share this post on Twitter\"><i class=\"fa fa-twitter\"><\/i><\/a><a href=\"https:\/\/www.linkedin.com\/shareArticle?mini=true&amp;url=https:\/\/www.instagram.com\/p\/C-AAEWMOkgx\/\" target=\"_blank\" rel=\"noreferrer\" class=\"ft-gallerylinkedin-icon\" title=\"Share this post on Linkedin\"><i class=\"fa fa-linkedin\"><\/i><\/a><a href=\"mailto:?subject=Shared Link&amp;body=https:\/\/www.instagram.com\/p\/C-AAEWMOkgx\/ - \ud83e\udd42 Unsere Simone hat einen gro\u00dfen Teil ihres Herzens an Lorchhausen verloren. \ud83d\udc97 \nSie mag das Besondere und besondere Herausforderungen. Sie bewirtschaftet nicht nur eine der steilsten Lagen bei uns, bei ihr gibt es im Seligmacher-Repertoire auch ausschlie\u00dflich Roten Riesling, der die Urform des wei\u00dfen Riesling ist und mit einer komplexen Sensorik Euren Gaumen umgarnt. \n\nAn der Nacht des Seligmachers ist Simone an einem bemerkenswerten Ort zu finden, n\u00e4mlich an unserer St. Bonifatius Kirche. \nUnd pssst, sp\u00e4testens wenn Ihr in Simone&#039;s knallpinken Chillax-Sesseln thront und einen k\u00f6stlichen Fros\u00e9 (frozen Ros\u00e9) trinkt, werdet Ihr verstehen,  weshalb wir sie so sehr in unser Herz geschlossen haben. \ud83d\ude0d\ud83c\udf7e\n\n#seligmacher #nachtdesseligmachers #Lorchhausen #mittelrhein #steillagen #rieslingrootsrundeep\" target=\"_blank\" rel=\"noreferrer\" class=\"ft-galleryemail-icon\" title=\"Share this post in your email\"><i class=\"fa fa-envelope\"><\/i><\/a><\/div><\/div>                                    <div class=\"fts-instagram-reply-wrap-left\">\n                                        <ul class='slicker-heart-comments-wrap'>\n                                            <li class='slicker-instagram-image-likes'>11 <\/li>\n                                            <li class='slicker-instagram-image-comments'>\n                                                <span class=\"fts-comment-instagram\"><\/span> 1                                            <\/li>\n                                        <\/ul>\n                                    <\/div>\n                                                        <\/div>\n                <\/div>\n                                <div class=\"slicker-instagram-placeholder fts-instagram-wrapper\" style=\"background-image:url('https:\/\/scontent-ber1-1.cdninstagram.com\/v\/t51.29350-15\/452098026_1213233089688756_4319352186520792706_n.webp?stp=dst-jpg&#038;_nc_cat=105&#038;ccb=1-7&#038;_nc_sid=18de74&#038;_nc_ohc=t8qRaSuQ2BIQ7kNvgGj2hTF&#038;_nc_ht=scontent-ber1-1.cdninstagram.com&#038;edm=AEQ6tj4EAAAA&#038;oh=00_AYAHFDFVr3DYdqGbmL_IHlZhHr9ABjEMMyu4ZfLgGWoriw&#038;oe=66B2715B')\">\n                                            <a href='https:\/\/www.instagram.com\/p\/C9uPXOxOUyU\/' title='Nur noch knapp f\u00fcnf Wochen, dann wartet wieder die Nacht des Seligmachers auf Euch!\nWir l\u00e4uten voller Vorfreude den Countdown ein und stellen Euch jede Woche ein Team-Mitglied vor. \ud83e\udd29\n\nLos geht&#039;s mit jemandem, der die Weinbergs-Liebe sozusagen schon mit der Muttermilch eingefl\u00f6\u00dft bekam.\nMatthias Zuhause sind seine Weinberge, denn gef\u00fchlt findet man ihn immer genau dort. Seine Leidenschaft f\u00fcr den Seligmacher schmeckt man mit jedem Tropfen, der aus dem Glas perlt. \nUrig und gem\u00fctlich schenkt er seinen Seligmacher f\u00fcr Euch in der Kelterhalle im Talweg aus. \nFreut Euch auf gute Laune am Gaumen und ein Daheim-Gef\u00fchl, denn die Fam. Klotz sind tolle Gastgeber.\n\n#seligmacher #nachtdesseligmachers #lorchhausen #mittelrhein #seligedrobbe' target=\"_blank\" rel=\"noreferrer\" class='fts-instagram-link-target fts-slicker-backg\n                                                                             fts-instagram-img-link' style=\"height:65px !important; width:65px; line-height:65px; font-size:65px;\"><span\n                                class=\"fts-instagram-icon\"\n                                style=\"height:65px; width:65px; line-height:65px; font-size:65px;\"><\/span><\/a>\n                        \n                        <div class='slicker-date'>\n\n                            <div class=\"fts-insta-date-popup-grab\">\n                            2 Jahre vor                            <\/div>\n                        <\/div>\n                    <div class='slicker-instaG-backg-link'>\n\n                        <div class='slicker-instaG-photoshadow'><\/div>\n                    <\/div>\n                        <div class=\"fts-insta-likes-comments-grab-popup\">\n\n                            <div class=\"fts-share-wrap\"><a href=\"javascript:;\" class=\"ft-gallery-link-popup\" title=\"Social-Share-Optionen\"><\/a><div class=\"ft-gallery-share-wrap\"><a href=\"https:\/\/www.facebook.com\/sharer\/sharer.php?u=https:\/\/www.instagram.com\/p\/C9uPXOxOUyU\/\" target=\"_blank\" rel=\"noreferrer\" class=\"ft-galleryfacebook-icon\" title=\"Share this post on Facebook\"><i class=\"fa fa-facebook-square\"><\/i><\/a><a href=\"https:\/\/twitter.com\/intent\/tweet?text=https:\/\/www.instagram.com\/p\/C9uPXOxOUyU\/+Nur noch knapp f\u00fcnf Wochen, dann wartet wieder die Nacht des Seligmachers auf Euch!\nWir l\u00e4uten voller Vorfreude den Countdown ein und stellen Euch jede Woche ein Team-Mitglied vor. \ud83e\udd29\n\nLos geht&#039;s mit jemandem, der die Weinbergs-Liebe sozusagen schon mit der Muttermilch eingefl\u00f6\u00dft bekam.\nMatthias Zuhause sind seine Weinberge, denn gef\u00fchlt findet man ihn immer genau dort. Seine Leidenschaft f\u00fcr den Seligmacher schmeckt man mit jedem Tropfen, der aus dem Glas perlt. \nUrig und gem\u00fctlich schenkt er seinen Seligmacher f\u00fcr Euch in der Kelterhalle im Talweg aus. \nFreut Euch auf gute Laune am Gaumen und ein Daheim-Gef\u00fchl, denn die Fam. Klotz sind tolle Gastgeber.\n\n#seligmacher #nachtdesseligmachers #lorchhausen #mittelrhein #seligedrobbe\" target=\"_blank\" rel=\"noreferrer\" class=\"ft-gallerytwitter-icon\" title=\"Share this post on Twitter\"><i class=\"fa fa-twitter\"><\/i><\/a><a href=\"https:\/\/www.linkedin.com\/shareArticle?mini=true&amp;url=https:\/\/www.instagram.com\/p\/C9uPXOxOUyU\/\" target=\"_blank\" rel=\"noreferrer\" class=\"ft-gallerylinkedin-icon\" title=\"Share this post on Linkedin\"><i class=\"fa fa-linkedin\"><\/i><\/a><a href=\"mailto:?subject=Shared Link&amp;body=https:\/\/www.instagram.com\/p\/C9uPXOxOUyU\/ - Nur noch knapp f\u00fcnf Wochen, dann wartet wieder die Nacht des Seligmachers auf Euch!\nWir l\u00e4uten voller Vorfreude den Countdown ein und stellen Euch jede Woche ein Team-Mitglied vor. \ud83e\udd29\n\nLos geht&#039;s mit jemandem, der die Weinbergs-Liebe sozusagen schon mit der Muttermilch eingefl\u00f6\u00dft bekam.\nMatthias Zuhause sind seine Weinberge, denn gef\u00fchlt findet man ihn immer genau dort. Seine Leidenschaft f\u00fcr den Seligmacher schmeckt man mit jedem Tropfen, der aus dem Glas perlt. \nUrig und gem\u00fctlich schenkt er seinen Seligmacher f\u00fcr Euch in der Kelterhalle im Talweg aus. \nFreut Euch auf gute Laune am Gaumen und ein Daheim-Gef\u00fchl, denn die Fam. Klotz sind tolle Gastgeber.\n\n#seligmacher #nachtdesseligmachers #lorchhausen #mittelrhein #seligedrobbe\" target=\"_blank\" rel=\"noreferrer\" class=\"ft-galleryemail-icon\" title=\"Share this post in your email\"><i class=\"fa fa-envelope\"><\/i><\/a><\/div><\/div>                                    <div class=\"fts-instagram-reply-wrap-left\">\n                                        <ul class='slicker-heart-comments-wrap'>\n                                            <li class='slicker-instagram-image-likes'>17 <\/li>\n                                            <li class='slicker-instagram-image-comments'>\n                                                <span class=\"fts-comment-instagram\"><\/span> 2                                            <\/li>\n                                        <\/ul>\n                                    <\/div>\n                                                        <\/div>\n                <\/div>\n                                <div class=\"slicker-instagram-placeholder fts-instagram-wrapper\" style=\"background-image:url('https:\/\/scontent-ber1-1.cdninstagram.com\/v\/t51.29350-15\/449875827_1141300140429328_1082041913270922012_n.webp?stp=dst-jpg&#038;_nc_cat=107&#038;ccb=1-7&#038;_nc_sid=18de74&#038;_nc_ohc=4d5JeFBHZ-AQ7kNvgEf-uQl&#038;_nc_ht=scontent-ber1-1.cdninstagram.com&#038;edm=AEQ6tj4EAAAA&#038;oh=00_AYBVlhqU2_sTsDWMhcp1IbS3Gm7EiVU2g9rGNa0yR-nvuQ&#038;oe=66B270C9')\">\n                                            <a href='https:\/\/www.instagram.com\/p\/C9ExIavNPI4\/' title='Shoutout f\u00fcr unsere Freunde vom Gesangverein Lorchhausen, die heute einen H\u00f6feflohmarkt mit Kunstmeile veranstalten.\nEs wird bunt und abwechslungsreich. In jedem Fall steckt viel Herzblut in der Veranstaltung. Geht hin, lasst Euch inspirieren und habt Freude!' target=\"_blank\" rel=\"noreferrer\" class='fts-child-media fts-instagram-link-target fts-slicker-backg\n                                                                             fts-instagram-img-link' style=\"height:65px !important; width:65px; line-height:65px; font-size:65px;\"><span\n                                class=\"fts-instagram-icon\"\n                                style=\"height:65px; width:65px; line-height:65px; font-size:65px;\"><\/span><\/a>\n                                                    <div class=\"fts-carousel-image-wrapper\"><div class=\"fts-carousel-image\" ><\/div><\/div>\n                            \t\t\t\t\t\t\t\t<a href='' title='Shoutout f\u00fcr unsere Freunde vom Gesangverein Lorchhausen, die heute einen H\u00f6feflohmarkt mit Kunstmeile veranstalten.\nEs wird bunt und abwechslungsreich. In jedem Fall steckt viel Herzblut in der Veranstaltung. Geht hin, lasst Euch inspirieren und habt Freude!' target=\"_blank\" rel=\"noreferrer\" class='fts-child-media fts-child-media-hide fts-instagram-link-target fts-slicker-backg\n                                                                     fts-instagram-img-link'><\/a>\n                                \t\t\t\t\t\t\t\t<a href='' title='Shoutout f\u00fcr unsere Freunde vom Gesangverein Lorchhausen, die heute einen H\u00f6feflohmarkt mit Kunstmeile veranstalten.\nEs wird bunt und abwechslungsreich. In jedem Fall steckt viel Herzblut in der Veranstaltung. Geht hin, lasst Euch inspirieren und habt Freude!' target=\"_blank\" rel=\"noreferrer\" class='fts-child-media fts-child-media-hide fts-instagram-link-target fts-slicker-backg\n                                                                     fts-instagram-img-link'><\/a>\n                                \t\t\t\t\t\t\t\t<a href='' title='Shoutout f\u00fcr unsere Freunde vom Gesangverein Lorchhausen, die heute einen H\u00f6feflohmarkt mit Kunstmeile veranstalten.\nEs wird bunt und abwechslungsreich. In jedem Fall steckt viel Herzblut in der Veranstaltung. Geht hin, lasst Euch inspirieren und habt Freude!' target=\"_blank\" rel=\"noreferrer\" class='fts-child-media fts-child-media-hide fts-instagram-link-target fts-slicker-backg\n                                                                     fts-instagram-img-link'><\/a>\n                                \t\t\t\t\t\t\t\t<a href='' title='Shoutout f\u00fcr unsere Freunde vom Gesangverein Lorchhausen, die heute einen H\u00f6feflohmarkt mit Kunstmeile veranstalten.\nEs wird bunt und abwechslungsreich. In jedem Fall steckt viel Herzblut in der Veranstaltung. Geht hin, lasst Euch inspirieren und habt Freude!' target=\"_blank\" rel=\"noreferrer\" class='fts-child-media fts-child-media-hide fts-instagram-link-target fts-slicker-backg\n                                                                     fts-instagram-img-link'><\/a>\n                                \t\t\t\t\t\t\t\t<a href='' title='Shoutout f\u00fcr unsere Freunde vom Gesangverein Lorchhausen, die heute einen H\u00f6feflohmarkt mit Kunstmeile veranstalten.\nEs wird bunt und abwechslungsreich. In jedem Fall steckt viel Herzblut in der Veranstaltung. Geht hin, lasst Euch inspirieren und habt Freude!' target=\"_blank\" rel=\"noreferrer\" class='fts-child-media fts-child-media-hide fts-instagram-link-target fts-slicker-backg\n                                                                     fts-instagram-img-link'><\/a>\n                                \n                        <div class='slicker-date'>\n\n                            <div class=\"fts-insta-date-popup-grab\">\n                            2 Jahre vor                            <\/div>\n                        <\/div>\n                    <div class='slicker-instaG-backg-link'>\n\n                        <div class='slicker-instaG-photoshadow'><\/div>\n                    <\/div>\n                        <div class=\"fts-insta-likes-comments-grab-popup\">\n\n                            <div class=\"fts-share-wrap\"><a href=\"javascript:;\" class=\"ft-gallery-link-popup\" title=\"Social-Share-Optionen\"><\/a><div class=\"ft-gallery-share-wrap\"><a href=\"https:\/\/www.facebook.com\/sharer\/sharer.php?u=https:\/\/www.instagram.com\/p\/C9ExIavNPI4\/\" target=\"_blank\" rel=\"noreferrer\" class=\"ft-galleryfacebook-icon\" title=\"Share this post on Facebook\"><i class=\"fa fa-facebook-square\"><\/i><\/a><a href=\"https:\/\/twitter.com\/intent\/tweet?text=https:\/\/www.instagram.com\/p\/C9ExIavNPI4\/+Shoutout f\u00fcr unsere Freunde vom Gesangverein Lorchhausen, die heute einen H\u00f6feflohmarkt mit Kunstmeile veranstalten.\nEs wird bunt und abwechslungsreich. In jedem Fall steckt viel Herzblut in der Veranstaltung. Geht hin, lasst Euch inspirieren und habt Freude!\" target=\"_blank\" rel=\"noreferrer\" class=\"ft-gallerytwitter-icon\" title=\"Share this post on Twitter\"><i class=\"fa fa-twitter\"><\/i><\/a><a href=\"https:\/\/www.linkedin.com\/shareArticle?mini=true&amp;url=https:\/\/www.instagram.com\/p\/C9ExIavNPI4\/\" target=\"_blank\" rel=\"noreferrer\" class=\"ft-gallerylinkedin-icon\" title=\"Share this post on Linkedin\"><i class=\"fa fa-linkedin\"><\/i><\/a><a href=\"mailto:?subject=Shared Link&amp;body=https:\/\/www.instagram.com\/p\/C9ExIavNPI4\/ - Shoutout f\u00fcr unsere Freunde vom Gesangverein Lorchhausen, die heute einen H\u00f6feflohmarkt mit Kunstmeile veranstalten.\nEs wird bunt und abwechslungsreich. In jedem Fall steckt viel Herzblut in der Veranstaltung. Geht hin, lasst Euch inspirieren und habt Freude!\" target=\"_blank\" rel=\"noreferrer\" class=\"ft-galleryemail-icon\" title=\"Share this post in your email\"><i class=\"fa fa-envelope\"><\/i><\/a><\/div><\/div>                                    <div class=\"fts-instagram-reply-wrap-left\">\n                                        <ul class='slicker-heart-comments-wrap'>\n                                            <li class='slicker-instagram-image-likes'>6 <\/li>\n                                            <li class='slicker-instagram-image-comments'>\n                                                <span class=\"fts-comment-instagram\"><\/span> 0                                            <\/li>\n                                        <\/ul>\n                                    <\/div>\n                                                        <\/div>\n                <\/div>\n                                <div class=\"slicker-instagram-placeholder fts-instagram-wrapper\" style=\"background-image:url('https:\/\/scontent-ber1-1.cdninstagram.com\/v\/t51.29350-15\/449271925_1205959193669996_276423649479595772_n.webp?stp=dst-jpg&#038;_nc_cat=107&#038;ccb=1-7&#038;_nc_sid=18de74&#038;_nc_ohc=ok74YvL9VAkQ7kNvgEez9bN&#038;_nc_ht=scontent-ber1-1.cdninstagram.com&#038;edm=AEQ6tj4EAAAA&#038;oh=00_AYBvsYetzz4RyHNAERk276pO6rWY0oaQxKLJXL3hcs1ltQ&#038;oe=66B29D78')\">\n                                            <a href='https:\/\/www.instagram.com\/p\/C82WGnsNU-v\/' title='Unser @isi_simsek hat zu seiner Isabell JA! gesagt. Wir w\u00fcnschen Euch segensreiche gemeinsame Jahrzehnte voll Augenh\u00f6he, Gesundheit, Zugeneigtheit und Kribbeln im Bauch!\n\ud83e\udd70\ud83d\udc97\ud83d\udc9e\ud83d\udc93\ud83d\ude0d' target=\"_blank\" rel=\"noreferrer\" class='fts-instagram-link-target fts-slicker-backg\n                                                                             fts-instagram-img-link' style=\"height:65px !important; width:65px; line-height:65px; font-size:65px;\"><span\n                                class=\"fts-instagram-icon\"\n                                style=\"height:65px; width:65px; line-height:65px; font-size:65px;\"><\/span><\/a>\n                        \n                        <div class='slicker-date'>\n\n                            <div class=\"fts-insta-date-popup-grab\">\n                            2 Jahre vor                            <\/div>\n                        <\/div>\n                    <div class='slicker-instaG-backg-link'>\n\n                        <div class='slicker-instaG-photoshadow'><\/div>\n                    <\/div>\n                        <div class=\"fts-insta-likes-comments-grab-popup\">\n\n                            <div class=\"fts-share-wrap\"><a href=\"javascript:;\" class=\"ft-gallery-link-popup\" title=\"Social-Share-Optionen\"><\/a><div class=\"ft-gallery-share-wrap\"><a href=\"https:\/\/www.facebook.com\/sharer\/sharer.php?u=https:\/\/www.instagram.com\/p\/C82WGnsNU-v\/\" target=\"_blank\" rel=\"noreferrer\" class=\"ft-galleryfacebook-icon\" title=\"Share this post on Facebook\"><i class=\"fa fa-facebook-square\"><\/i><\/a><a href=\"https:\/\/twitter.com\/intent\/tweet?text=https:\/\/www.instagram.com\/p\/C82WGnsNU-v\/+Unser @isi_simsek hat zu seiner Isabell JA! gesagt. Wir w\u00fcnschen Euch segensreiche gemeinsame Jahrzehnte voll Augenh\u00f6he, Gesundheit, Zugeneigtheit und Kribbeln im Bauch!\n\ud83e\udd70\ud83d\udc97\ud83d\udc9e\ud83d\udc93\ud83d\ude0d\" target=\"_blank\" rel=\"noreferrer\" class=\"ft-gallerytwitter-icon\" title=\"Share this post on Twitter\"><i class=\"fa fa-twitter\"><\/i><\/a><a href=\"https:\/\/www.linkedin.com\/shareArticle?mini=true&amp;url=https:\/\/www.instagram.com\/p\/C82WGnsNU-v\/\" target=\"_blank\" rel=\"noreferrer\" class=\"ft-gallerylinkedin-icon\" title=\"Share this post on Linkedin\"><i class=\"fa fa-linkedin\"><\/i><\/a><a href=\"mailto:?subject=Shared Link&amp;body=https:\/\/www.instagram.com\/p\/C82WGnsNU-v\/ - Unser @isi_simsek hat zu seiner Isabell JA! gesagt. Wir w\u00fcnschen Euch segensreiche gemeinsame Jahrzehnte voll Augenh\u00f6he, Gesundheit, Zugeneigtheit und Kribbeln im Bauch!\n\ud83e\udd70\ud83d\udc97\ud83d\udc9e\ud83d\udc93\ud83d\ude0d\" target=\"_blank\" rel=\"noreferrer\" class=\"ft-galleryemail-icon\" title=\"Share this post in your email\"><i class=\"fa fa-envelope\"><\/i><\/a><\/div><\/div>                                    <div class=\"fts-instagram-reply-wrap-left\">\n                                        <ul class='slicker-heart-comments-wrap'>\n                                            <li class='slicker-instagram-image-likes'>15 <\/li>\n                                            <li class='slicker-instagram-image-comments'>\n                                                <span class=\"fts-comment-instagram\"><\/span> 1                                            <\/li>\n                                        <\/ul>\n                                    <\/div>\n                                                        <\/div>\n                <\/div>\n                                <div class=\"slicker-instagram-placeholder fts-instagram-wrapper\" style=\"background-image:url('https:\/\/scontent-ber1-1.cdninstagram.com\/v\/t51.29350-15\/447051908_1619107308876723_2374717421189448581_n.webp?stp=dst-jpg&#038;_nc_cat=101&#038;ccb=1-7&#038;_nc_sid=18de74&#038;_nc_ohc=nFr2jfY6Sa8Q7kNvgEVpdml&#038;_nc_ht=scontent-ber1-1.cdninstagram.com&#038;edm=AEQ6tj4EAAAA&#038;oh=00_AYCoyNR_L3Vfk-zBum6SAWiK8lq6iKg5sUyK9cSwbFNQ9w&#038;oe=66B2997D')\">\n                                            <a href='https:\/\/www.instagram.com\/p\/C7kLLqGuTz2\/' title='Puh, harte Arbeit, so eine Weinprobe! \n\nAber wir scheuen uns nicht davor, alles f\u00fcr Euch zu geben, um auch in diesem Jahr wieder herrliche Tropfen f\u00fcr Euch aufzutischen, wenn es am 31. August hei\u00dft: Ring frei f\u00fcr die Nacht des Seligmachers ganz tief im Westen des Rheingaus hier bei uns in Lorchhausen.\n\n#seligedrobbe #seligmacher #6223lorch2 #rieslingrootsrundeep' target=\"_blank\" rel=\"noreferrer\" class='fts-child-media fts-instagram-link-target fts-slicker-backg\n                                                                             fts-instagram-img-link' style=\"height:65px !important; width:65px; line-height:65px; font-size:65px;\"><span\n                                class=\"fts-instagram-icon\"\n                                style=\"height:65px; width:65px; line-height:65px; font-size:65px;\"><\/span><\/a>\n                                                    <div class=\"fts-carousel-image-wrapper\"><div class=\"fts-carousel-image\" ><\/div><\/div>\n                            \t\t\t\t\t\t\t\t<a href='' title='Puh, harte Arbeit, so eine Weinprobe! \n\nAber wir scheuen uns nicht davor, alles f\u00fcr Euch zu geben, um auch in diesem Jahr wieder herrliche Tropfen f\u00fcr Euch aufzutischen, wenn es am 31. August hei\u00dft: Ring frei f\u00fcr die Nacht des Seligmachers ganz tief im Westen des Rheingaus hier bei uns in Lorchhausen.\n\n#seligedrobbe #seligmacher #6223lorch2 #rieslingrootsrundeep' target=\"_blank\" rel=\"noreferrer\" class='fts-child-media fts-child-media-hide fts-instagram-link-target fts-slicker-backg\n                                                                     fts-instagram-img-link'><\/a>\n                                \t\t\t\t\t\t\t\t<a href='' title='Puh, harte Arbeit, so eine Weinprobe! \n\nAber wir scheuen uns nicht davor, alles f\u00fcr Euch zu geben, um auch in diesem Jahr wieder herrliche Tropfen f\u00fcr Euch aufzutischen, wenn es am 31. August hei\u00dft: Ring frei f\u00fcr die Nacht des Seligmachers ganz tief im Westen des Rheingaus hier bei uns in Lorchhausen.\n\n#seligedrobbe #seligmacher #6223lorch2 #rieslingrootsrundeep' target=\"_blank\" rel=\"noreferrer\" class='fts-child-media fts-child-media-hide fts-instagram-link-target fts-slicker-backg\n                                                                     fts-instagram-img-link'><\/a>\n                                \n                        <div class='slicker-date'>\n\n                            <div class=\"fts-insta-date-popup-grab\">\n                            2 Jahre vor                            <\/div>\n                        <\/div>\n                    <div class='slicker-instaG-backg-link'>\n\n                        <div class='slicker-instaG-photoshadow'><\/div>\n                    <\/div>\n                        <div class=\"fts-insta-likes-comments-grab-popup\">\n\n                            <div class=\"fts-share-wrap\"><a href=\"javascript:;\" class=\"ft-gallery-link-popup\" title=\"Social-Share-Optionen\"><\/a><div class=\"ft-gallery-share-wrap\"><a href=\"https:\/\/www.facebook.com\/sharer\/sharer.php?u=https:\/\/www.instagram.com\/p\/C7kLLqGuTz2\/\" target=\"_blank\" rel=\"noreferrer\" class=\"ft-galleryfacebook-icon\" title=\"Share this post on Facebook\"><i class=\"fa fa-facebook-square\"><\/i><\/a><a href=\"https:\/\/twitter.com\/intent\/tweet?text=https:\/\/www.instagram.com\/p\/C7kLLqGuTz2\/+Puh, harte Arbeit, so eine Weinprobe! \n\nAber wir scheuen uns nicht davor, alles f\u00fcr Euch zu geben, um auch in diesem Jahr wieder herrliche Tropfen f\u00fcr Euch aufzutischen, wenn es am 31. August hei\u00dft: Ring frei f\u00fcr die Nacht des Seligmachers ganz tief im Westen des Rheingaus hier bei uns in Lorchhausen.\n\n#seligedrobbe #seligmacher #6223lorch2 #rieslingrootsrundeep\" target=\"_blank\" rel=\"noreferrer\" class=\"ft-gallerytwitter-icon\" title=\"Share this post on Twitter\"><i class=\"fa fa-twitter\"><\/i><\/a><a href=\"https:\/\/www.linkedin.com\/shareArticle?mini=true&amp;url=https:\/\/www.instagram.com\/p\/C7kLLqGuTz2\/\" target=\"_blank\" rel=\"noreferrer\" class=\"ft-gallerylinkedin-icon\" title=\"Share this post on Linkedin\"><i class=\"fa fa-linkedin\"><\/i><\/a><a href=\"mailto:?subject=Shared Link&amp;body=https:\/\/www.instagram.com\/p\/C7kLLqGuTz2\/ - Puh, harte Arbeit, so eine Weinprobe! \n\nAber wir scheuen uns nicht davor, alles f\u00fcr Euch zu geben, um auch in diesem Jahr wieder herrliche Tropfen f\u00fcr Euch aufzutischen, wenn es am 31. August hei\u00dft: Ring frei f\u00fcr die Nacht des Seligmachers ganz tief im Westen des Rheingaus hier bei uns in Lorchhausen.\n\n#seligedrobbe #seligmacher #6223lorch2 #rieslingrootsrundeep\" target=\"_blank\" rel=\"noreferrer\" class=\"ft-galleryemail-icon\" title=\"Share this post in your email\"><i class=\"fa fa-envelope\"><\/i><\/a><\/div><\/div>                                    <div class=\"fts-instagram-reply-wrap-left\">\n                                        <ul class='slicker-heart-comments-wrap'>\n                                            <li class='slicker-instagram-image-likes'>19 <\/li>\n                                            <li class='slicker-instagram-image-comments'>\n                                                <span class=\"fts-comment-instagram\"><\/span> 0                                            <\/li>\n                                        <\/ul>\n                                    <\/div>\n                                                        <\/div>\n                <\/div>\n                                <div class=\"slicker-instagram-placeholder fts-instagram-wrapper\" style=\"background-image:url('https:\/\/scontent-ber1-1.cdninstagram.com\/v\/t51.29350-15\/371149707_234287935785836_7061211566385399987_n.webp?stp=dst-jpg&#038;_nc_cat=110&#038;ccb=1-7&#038;_nc_sid=18de74&#038;_nc_ohc=xfb6eXS-odwQ7kNvgFjVKMs&#038;_nc_ht=scontent-ber1-1.cdninstagram.com&#038;edm=AEQ6tj4EAAAA&#038;oh=00_AYDVfjD0g2_gLdC4YNBNDjmFkc_h923Abn67mcESAs--Yg&#038;oe=66B29686')\">\n                                            <a href='https:\/\/www.instagram.com\/p\/CwkqD8iNc77\/' title='\ua9c1\u0f3a \ud835\udcdb\ud835\udcd0\ud835\udcd2\ud835\udcd7\ud835\udcdc\ud835\udce4\ud835\udce2\ud835\udcda\ud835\udcd4\ud835\udcdb\ud835\udcdd &amp; \ud835\udcda\ud835\udcea\ud835\udceb\ud835\udcea\ud835\udcfb\ud835\udcee\ud835\udcfd\ud835\udcfd \u0f3b\ua9c2\n\nNichts geringeres erwartet Euch im goldenen Oktober in Lorchhausen!\n\nDer Vereinsring pr\u00e4sentiert Euch feinstes Hessisch Kabarett! \n\nWir freuen uns sehr auf einen heiteren Abend mit unserem immer wieder auf unserer B\u00fchne herzlichst willkommenen J\u00fcrgen Leber!\nEr wird uns einen ganzen Abend einheizen mit der Frage \ud835\uddea\ud835\uddee\ud835\uddff \ud835\udddb\ud835\uddf2\ud835\uddff\ud835\uddfa\ud835\uddee\ud835\uddfb\ud835\uddfb \ud835\udddb\ud835\uddf2\ud835\ude00\ud835\ude00\ud835\uddf2?\n\nW\u00e4hrend Ihr herzlich lacht, gibt\u00b4s von uns hessische Snacks und erquickenden Seligmacher.\n\n\ud835\udc72\ud835\udc82\ud835\udc93\ud835\udc95\ud835\udc86\ud835\udc8f\ud835\udc97\ud835\udc90\ud835\udc93\ud835\udc97\ud835\udc86\ud835\udc93\ud835\udc8c\ud835\udc82\ud835\udc96\ud835\udc87 \ud835\udc8a\ud835\udc94\ud835\udc95 \ud835\udc82\ud835\udc8e 17. \ud835\udc7a\ud835\udc86\ud835\udc91\ud835\udc95\ud835\udc86\ud835\udc8e\ud835\udc83\ud835\udc86\ud835\udc93, 10.00 - 12.00 \ud835\udc7c\ud835\udc89\ud835\udc93 \ud835\udc8a\ud835\udc8f \ud835\udc85\ud835\udc86\ud835\udc93 \ud835\udc86\ud835\udc89\ud835\udc86\ud835\udc8e\ud835\udc82\ud835\udc8d\ud835\udc8a\ud835\udc88\ud835\udc86\ud835\udc8f \ud835\udc6d\ud835\udc86\ud835\udc96\ud835\udc86\ud835\udc93\ud835\udc98\ud835\udc86\ud835\udc89\ud835\udc93 (\ud835\udc72\ud835\udc82\ud835\udc96\ud835\udc83\ud835\udc86\ud835\udc93 S\ud835\udc95\ud835\udc93\ud835\udc82\u00df\ud835\udc86).\n\n#j\u00fcrgenleber #6223lorch2 #lorchhausen #ubl' target=\"_blank\" rel=\"noreferrer\" class='fts-instagram-link-target fts-slicker-backg\n                                                                             fts-instagram-img-link' style=\"height:65px !important; width:65px; line-height:65px; font-size:65px;\"><span\n                                class=\"fts-instagram-icon\"\n                                style=\"height:65px; width:65px; line-height:65px; font-size:65px;\"><\/span><\/a>\n                        \n                        <div class='slicker-date'>\n\n                            <div class=\"fts-insta-date-popup-grab\">\n                            3 Jahre vor                            <\/div>\n                        <\/div>\n                    <div class='slicker-instaG-backg-link'>\n\n                        <div class='slicker-instaG-photoshadow'><\/div>\n                    <\/div>\n                        <div class=\"fts-insta-likes-comments-grab-popup\">\n\n                            <div class=\"fts-share-wrap\"><a href=\"javascript:;\" class=\"ft-gallery-link-popup\" title=\"Social-Share-Optionen\"><\/a><div class=\"ft-gallery-share-wrap\"><a href=\"https:\/\/www.facebook.com\/sharer\/sharer.php?u=https:\/\/www.instagram.com\/p\/CwkqD8iNc77\/\" target=\"_blank\" rel=\"noreferrer\" class=\"ft-galleryfacebook-icon\" title=\"Share this post on Facebook\"><i class=\"fa fa-facebook-square\"><\/i><\/a><a href=\"https:\/\/twitter.com\/intent\/tweet?text=https:\/\/www.instagram.com\/p\/CwkqD8iNc77\/+\ua9c1\u0f3a \ud835\udcdb\ud835\udcd0\ud835\udcd2\ud835\udcd7\ud835\udcdc\ud835\udce4\ud835\udce2\ud835\udcda\ud835\udcd4\ud835\udcdb\ud835\udcdd &amp; \ud835\udcda\ud835\udcea\ud835\udceb\ud835\udcea\ud835\udcfb\ud835\udcee\ud835\udcfd\ud835\udcfd \u0f3b\ua9c2\n\nNichts geringeres erwartet Euch im goldenen Oktober in Lorchhausen!\n\nDer Vereinsring pr\u00e4sentiert Euch feinstes Hessisch Kabarett! \n\nWir freuen uns sehr auf einen heiteren Abend mit unserem immer wieder auf unserer B\u00fchne herzlichst willkommenen J\u00fcrgen Leber!\nEr wird uns einen ganzen Abend einheizen mit der Frage \ud835\uddea\ud835\uddee\ud835\uddff \ud835\udddb\ud835\uddf2\ud835\uddff\ud835\uddfa\ud835\uddee\ud835\uddfb\ud835\uddfb \ud835\udddb\ud835\uddf2\ud835\ude00\ud835\ude00\ud835\uddf2?\n\nW\u00e4hrend Ihr herzlich lacht, gibt\u00b4s von uns hessische Snacks und erquickenden Seligmacher.\n\n\ud835\udc72\ud835\udc82\ud835\udc93\ud835\udc95\ud835\udc86\ud835\udc8f\ud835\udc97\ud835\udc90\ud835\udc93\ud835\udc97\ud835\udc86\ud835\udc93\ud835\udc8c\ud835\udc82\ud835\udc96\ud835\udc87 \ud835\udc8a\ud835\udc94\ud835\udc95 \ud835\udc82\ud835\udc8e 17. \ud835\udc7a\ud835\udc86\ud835\udc91\ud835\udc95\ud835\udc86\ud835\udc8e\ud835\udc83\ud835\udc86\ud835\udc93, 10.00 - 12.00 \ud835\udc7c\ud835\udc89\ud835\udc93 \ud835\udc8a\ud835\udc8f \ud835\udc85\ud835\udc86\ud835\udc93 \ud835\udc86\ud835\udc89\ud835\udc86\ud835\udc8e\ud835\udc82\ud835\udc8d\ud835\udc8a\ud835\udc88\ud835\udc86\ud835\udc8f \ud835\udc6d\ud835\udc86\ud835\udc96\ud835\udc86\ud835\udc93\ud835\udc98\ud835\udc86\ud835\udc89\ud835\udc93 (\ud835\udc72\ud835\udc82\ud835\udc96\ud835\udc83\ud835\udc86\ud835\udc93 S\ud835\udc95\ud835\udc93\ud835\udc82\u00df\ud835\udc86).\n\n#j\u00fcrgenleber #6223lorch2 #lorchhausen #ubl\" target=\"_blank\" rel=\"noreferrer\" class=\"ft-gallerytwitter-icon\" title=\"Share this post on Twitter\"><i class=\"fa fa-twitter\"><\/i><\/a><a href=\"https:\/\/www.linkedin.com\/shareArticle?mini=true&amp;url=https:\/\/www.instagram.com\/p\/CwkqD8iNc77\/\" target=\"_blank\" rel=\"noreferrer\" class=\"ft-gallerylinkedin-icon\" title=\"Share this post on Linkedin\"><i class=\"fa fa-linkedin\"><\/i><\/a><a href=\"mailto:?subject=Shared Link&amp;body=https:\/\/www.instagram.com\/p\/CwkqD8iNc77\/ - \ua9c1\u0f3a \ud835\udcdb\ud835\udcd0\ud835\udcd2\ud835\udcd7\ud835\udcdc\ud835\udce4\ud835\udce2\ud835\udcda\ud835\udcd4\ud835\udcdb\ud835\udcdd &amp; \ud835\udcda\ud835\udcea\ud835\udceb\ud835\udcea\ud835\udcfb\ud835\udcee\ud835\udcfd\ud835\udcfd \u0f3b\ua9c2\n\nNichts geringeres erwartet Euch im goldenen Oktober in Lorchhausen!\n\nDer Vereinsring pr\u00e4sentiert Euch feinstes Hessisch Kabarett! \n\nWir freuen uns sehr auf einen heiteren Abend mit unserem immer wieder auf unserer B\u00fchne herzlichst willkommenen J\u00fcrgen Leber!\nEr wird uns einen ganzen Abend einheizen mit der Frage \ud835\uddea\ud835\uddee\ud835\uddff \ud835\udddb\ud835\uddf2\ud835\uddff\ud835\uddfa\ud835\uddee\ud835\uddfb\ud835\uddfb \ud835\udddb\ud835\uddf2\ud835\ude00\ud835\ude00\ud835\uddf2?\n\nW\u00e4hrend Ihr herzlich lacht, gibt\u00b4s von uns hessische Snacks und erquickenden Seligmacher.\n\n\ud835\udc72\ud835\udc82\ud835\udc93\ud835\udc95\ud835\udc86\ud835\udc8f\ud835\udc97\ud835\udc90\ud835\udc93\ud835\udc97\ud835\udc86\ud835\udc93\ud835\udc8c\ud835\udc82\ud835\udc96\ud835\udc87 \ud835\udc8a\ud835\udc94\ud835\udc95 \ud835\udc82\ud835\udc8e 17. \ud835\udc7a\ud835\udc86\ud835\udc91\ud835\udc95\ud835\udc86\ud835\udc8e\ud835\udc83\ud835\udc86\ud835\udc93, 10.00 - 12.00 \ud835\udc7c\ud835\udc89\ud835\udc93 \ud835\udc8a\ud835\udc8f \ud835\udc85\ud835\udc86\ud835\udc93 \ud835\udc86\ud835\udc89\ud835\udc86\ud835\udc8e\ud835\udc82\ud835\udc8d\ud835\udc8a\ud835\udc88\ud835\udc86\ud835\udc8f \ud835\udc6d\ud835\udc86\ud835\udc96\ud835\udc86\ud835\udc93\ud835\udc98\ud835\udc86\ud835\udc89\ud835\udc93 (\ud835\udc72\ud835\udc82\ud835\udc96\ud835\udc83\ud835\udc86\ud835\udc93 S\ud835\udc95\ud835\udc93\ud835\udc82\u00df\ud835\udc86).\n\n#j\u00fcrgenleber #6223lorch2 #lorchhausen #ubl\" target=\"_blank\" rel=\"noreferrer\" class=\"ft-galleryemail-icon\" title=\"Share this post in your email\"><i class=\"fa fa-envelope\"><\/i><\/a><\/div><\/div>                                    <div class=\"fts-instagram-reply-wrap-left\">\n                                        <ul class='slicker-heart-comments-wrap'>\n                                            <li class='slicker-instagram-image-likes'>4 <\/li>\n                                            <li class='slicker-instagram-image-comments'>\n                                                <span class=\"fts-comment-instagram\"><\/span> 0                                            <\/li>\n                                        <\/ul>\n                                    <\/div>\n                                                        <\/div>\n                <\/div>\n                <\/div>\t\t\t\t\t\t\t\t\t\t<script>\n\t\t\t\t\t\/\/ This needs to load here below the feed to load properly for\n\t\t\t\t\t\/\/ Elementor page preview, and also some types of tabs that use js to load.\n\t\t\t\t\tdocument.addEventListener(\"DOMContentLoaded\", function(event) {\n\t\t\t\t\t\tif (typeof slickremixImageResizing === 'function') {\n\t\t\t\t\t\t\tslickremixImageResizing();\n\t\t\t\t\t\t}\n\t\t\t\t\t\tif (typeof ftsShare === 'function') {\n\t\t\t\t\t\t\tftsShare();\n\t\t\t\t\t\t}\n\t\t\t\t\t});\n\t\t\t\t<\/script>\n\t\t\t\t\n\n\n\n<div id=\"wp-block-themeisle-blocks-advanced-columns-8a97046d\" class=\"wp-block-themeisle-blocks-advanced-columns has-1-columns has-desktop-equal-layout has-tablet-equal-layout has-mobile-equal-layout has-vertical-unset\"><div class=\"wp-block-themeisle-blocks-advanced-columns-overlay\"><\/div><div class=\"innerblocks-wrap\">\n<div id=\"wp-block-themeisle-blocks-advanced-column-d72f05eb\" class=\"wp-block-themeisle-blocks-advanced-column\">\n<div id=\"wp-block-themeisle-blocks-button-group-e8e3c265\" class=\"wp-block-themeisle-blocks-button-group wp-block-buttons align-center\">\n<div id=\"wp-block-themeisle-blocks-button-ae43a246\" class=\"wp-block-themeisle-blocks-button wp-block-button\"><a href=\"https:\/\/www.facebook.com\/freundefeuerwehrlh\/\" target=\"_blank\" rel=\"noopener noreferrer\" class=\"wp-block-button__link\"><i class=\"fab fa-fw fa-facebook-f\"><\/i><\/a><\/div>\n\n\n\n<div id=\"wp-block-themeisle-blocks-button-1036ea0a\" class=\"wp-block-themeisle-blocks-button wp-block-button\"><a href=\"https:\/\/www.instagram.com\/freundefeuerwehrlh\/\" target=\"_blank\" rel=\"noopener noreferrer\" class=\"wp-block-button__link\"><i class=\"fab fa-fw fa-instagram\"><\/i><\/a><\/div>\n<\/div>\n<\/div>\n<\/div><\/div>\n\n\n\n<p><\/p>\n\n\n<nav class=\"wp-container-3 is-responsive wp-block-navigation\"><button aria-haspopup=\"true\" aria-label=\"Men\u00fc \u00f6ffnen\" class=\"wp-block-navigation__responsive-container-open \" data-micromodal-trigger=\"modal-2\"><svg width=\"24\" height=\"24\" xmlns=\"http:\/\/www.w3.org\/2000\/svg\" viewBox=\"0 0 24 24\" role=\"img\" aria-hidden=\"true\" focusable=\"false\"><rect x=\"4\" y=\"7.5\" width=\"16\" height=\"1.5\" \/><rect x=\"4\" y=\"15\" width=\"16\" height=\"1.5\" \/><\/svg><\/button>\n\t\t\t<div class=\"wp-block-navigation__responsive-container  \" style=\"\" id=\"modal-2\">\n\t\t\t\t<div class=\"wp-block-navigation__responsive-close\" tabindex=\"-1\" data-micromodal-close>\n\t\t\t\t\t<div class=\"wp-block-navigation__responsive-dialog\" aria-label=\"Men\u00fc\">\n\t\t\t\t\t\t\t<button aria-label=\"Men\u00fc schlie\u00dfen\" data-micromodal-close class=\"wp-block-navigation__responsive-container-close\"><svg xmlns=\"http:\/\/www.w3.org\/2000\/svg\" viewBox=\"0 0 24 24\" width=\"24\" height=\"24\" role=\"img\" aria-hidden=\"true\" focusable=\"false\"><path d=\"M13 11.8l6.1-6.3-1-1-6.1 6.2-6.1-6.2-1 1 6.1 6.3-6.5 6.7 1 1 6.5-6.6 6.5 6.6 1-1z\"><\/path><\/svg><\/button>\n\t\t\t\t\t\t<div class=\"wp-block-navigation__responsive-container-content\" id=\"modal-2-content\">\n\t\t\t\t\t\t\t<ul class=\"wp-block-navigation__container\"><li class=\" wp-block-navigation-item wp-block-navigation-link\"><a class=\"wp-block-navigation-item__content\"  href=\"https:\/\/seligedrobbe.de\/?page_id=192\"><span class=\"wp-block-navigation-item__label\">Impressum<\/span><\/a><\/li><li class=\" wp-block-navigation-item wp-block-navigation-link\"><a class=\"wp-block-navigation-item__content\"  href=\"https:\/\/seligedrobbe.de\/?page_id=191\"><span class=\"wp-block-navigation-item__label\">Datenschutzerkl\u00e4rung<\/span><\/a><\/li><\/ul>\n\t\t\t\t\t\t<\/div>\n\t\t\t\t\t<\/div>\n\t\t\t\t<\/div>\n\t\t\t<\/div><\/nav>","protected":false},"excerpt":{"rendered":"<p>&#x1f973;&#x1f347; Save the date | Nacht des Seligmachers 2026 &#x1f347;&#x1f377;Wir sehen uns zum Weinbummel durch Lorchhausen am 29. und 30. AUGUST &#x1f970;&#x270c;&#xfe0f; Trinke ein Glas Lorchh\u00e4user Wein, er wird auch Dein Sorgenbrecher sein. Unsere Hymne, die wir so lieben, wird morgen und \u00fcbermorgen zum Lebensgef\u00fchl. Gut gelaunt mit Family und Freunden zusammensitzen, durch&#8217;s Ort flanieren&hellip;&nbsp;<a href=\"https:\/\/seligedrobbe.de\/\" class=\"\" rel=\"bookmark\">Weiterlesen &raquo;<span class=\"screen-reader-text\">Home<\/span><\/a><\/p>\n","protected":false},"author":1,"featured_media":256,"parent":0,"menu_order":0,"comment_status":"closed","ping_status":"closed","template":"page-templates\/template-pagebuilder-full-width.php","meta":{"neve_meta_sidebar":"full-width","neve_meta_container":"","neve_meta_enable_content_width":"on","neve_meta_content_width":100,"neve_meta_title_alignment":"","neve_meta_author_avatar":"","neve_post_elements_order":"","neve_meta_disable_header":"on","neve_meta_disable_footer":"on","neve_meta_disable_title":"on","_themeisle_gutenberg_block_has_review":false},"_links":{"self":[{"href":"https:\/\/seligedrobbe.de\/index.php?rest_route=\/wp\/v2\/pages\/86"}],"collection":[{"href":"https:\/\/seligedrobbe.de\/index.php?rest_route=\/wp\/v2\/pages"}],"about":[{"href":"https:\/\/seligedrobbe.de\/index.php?rest_route=\/wp\/v2\/types\/page"}],"author":[{"embeddable":true,"href":"https:\/\/seligedrobbe.de\/index.php?rest_route=\/wp\/v2\/users\/1"}],"replies":[{"embeddable":true,"href":"https:\/\/seligedrobbe.de\/index.php?rest_route=%2Fwp%2Fv2%2Fcomments&post=86"}],"version-history":[{"count":97,"href":"https:\/\/seligedrobbe.de\/index.php?rest_route=\/wp\/v2\/pages\/86\/revisions"}],"predecessor-version":[{"id":551,"href":"https:\/\/seligedrobbe.de\/index.php?rest_route=\/wp\/v2\/pages\/86\/revisions\/551"}],"wp:featuredmedia":[{"embeddable":true,"href":"https:\/\/seligedrobbe.de\/index.php?rest_route=\/wp\/v2\/media\/256"}],"wp:attachment":[{"href":"https:\/\/seligedrobbe.de\/index.php?rest_route=%2Fwp%2Fv2%2Fmedia&parent=86"}],"curies":[{"name":"wp","href":"https:\/\/api.w.org\/{rel}","templated":true}]}}